{"id":435,"date":"2017-04-11T11:29:08","date_gmt":"2017-04-11T09:29:08","guid":{"rendered":"http:\/\/www.edsm.be\/?page_id=435"},"modified":"2026-02-12T11:22:45","modified_gmt":"2026-02-12T10:22:45","slug":"whos-who","status":"publish","type":"page","link":"https:\/\/www.edsm.be\/?page_id=435","title":{"rendered":"Who&rsquo;s Who ?"},"content":{"rendered":"\n<p><strong>F\u00e9vrier 2026 et son Portrait du Mois <\/strong><\/p>\n\n\n\n<blockquote class=\"wp-block-quote is-layout-flow wp-block-quote-is-layout-flow\">\n<figure class=\"wp-block-image size-full\"><img loading=\"lazy\" decoding=\"async\" width=\"1024\" height=\"577\" src=\"https:\/\/www.edsm.be\/wp-content\/uploads\/2025\/02\/CSchwartz.jpg\" alt=\"\" class=\"wp-image-1350\" srcset=\"https:\/\/www.edsm.be\/wp-content\/uploads\/2025\/02\/CSchwartz.jpg 1024w, https:\/\/www.edsm.be\/wp-content\/uploads\/2025\/02\/CSchwartz-300x169.jpg 300w, https:\/\/www.edsm.be\/wp-content\/uploads\/2025\/02\/CSchwartz-768x433.jpg 768w, https:\/\/www.edsm.be\/wp-content\/uploads\/2025\/02\/CSchwartz-750x423.jpg 750w\" sizes=\"auto, (max-width: 1024px) 100vw, 1024px\" \/><\/figure>\n\n\n\n<p><strong><em>Notre portrait<\/em><\/strong><em>&nbsp;du mois s\u2019est tourn\u00e9 vers le nouveau membre du comit\u00e9 scientifique de l\u2019\u00c9cole Doctorale des Sciences de la Motricit\u00e9, le Professeur C\u00e9dric Schwartz.&nbsp;<\/em><\/p>\n\n\n\n<p><em>C\u00e9dric Schwartz est charg\u00e9 de cours et un des responsables du LAM \u2013 Motion Lab \u00e0 l\u2019Universit\u00e9 de Li\u00e8ge. Apr\u00e8s un master en biom\u00e9canique, il a r\u00e9alis\u00e9 un doctorat (Telecom Bretagne, France) et un post-doctorat (Universit\u00e9 d\u2019Aalborg, Danemark) \u00e0 l\u2019interface entre ing\u00e9nierie et sciences du mouvement.<\/em><\/p>\n\n\n\n<p><em>Ses travaux de recherche portent principalement sur l\u2019analyse du mouvement dans le sport avec un int\u00e9r\u00eat particulier pour la pr\u00e9vention des blessures. Le d\u00e9veloppement de nouveaux outils d\u2019\u00e9valuation biom\u00e9canique et la compr\u00e9hension fine de la gestuelle sportive constituent des axes centraux de ses recherches. Il collabore avec le Centre d\u2019Aide \u00e0 la Performance Sportif, en charge de l\u2019\u00e9valuation des sportifs de haut-niveau de la F\u00e9d\u00e9ration Wallonie Bruxelles.<\/em><\/p>\n\n\n\n<p><em>Il voit l\u2019\u00e9cole Doctorale en Science de la Motricit\u00e9 comme l\u2019opportunit\u00e9 de faire vivre et \u00e9changer une diversit\u00e9 d\u2019expertises et de profils (pr\u00e9parateurs physiques, kin\u00e9sith\u00e9rapeutes, m\u00e9decins, ing\u00e9nieurs, psychologues \u2026) qui sont n\u00e9cessaires \u00e0 un domaine aussi multidisciplinaire que peut l\u2019\u00eatre les sciences de la motricit\u00e9.<\/em><\/p>\n<\/blockquote>\n\n\n\n\n<p><a href=\"https:\/\/www.edsm.be\/?attachment_id=182\" rel=\"attachment wp-att-182\"><img loading=\"lazy\" decoding=\"async\" class=\"size-thumbnail wp-image-182 alignleft\" src=\"https:\/\/www.edsm.be\/wp-content\/uploads\/2017\/03\/feipel_2011-150x150.jpg\" alt=\"\" width=\"150\" height=\"150\" \/><\/a><\/p>\n<h3 style=\"padding-left: 60px;\">\u00ab\u00a0Notre portrait\u00a0\u00bb du mois s&rsquo;est orient\u00e9 vers le nouveau Doyen de la Facult\u00e9 des Sciences de la Motricit\u00e9 de l&rsquo;ULB ou plut\u00f4t vers la nouvelle Doyenne de la FSM.<\/h3>\n<h3 style=\"padding-left: 30px;\">La Prof V\u00e9ronique FEIPEL, notre nouvelle Doyenne, est Docteur en Kin\u00e9sith\u00e9rapie et r\u00e9adaptation.\u00a0Son parcours l\u2019a tr\u00e8s vite men\u00e9e vers l\u2019enseignement et la recherche.<\/h3>\n<h3>Sa recherche dans le domaine de la biom\u00e9canique musculo-squelettique touche \u00e0 plusieurs domaines incluant la cin\u00e9matique articulaire, la mod\u00e9lisation musculo-squelettique, l\u2019analyse de la marche et de la course et l\u2019\u00e9valuation fonctionnelle en clinique.<\/h3>\n<h3>V\u00e9ronique se consid\u00e8re comme un <em><strong>pur produit de la FSM<\/strong><\/em> de l\u2019ULB, m\u00eame si elle a fait un s\u00e9jour postdoctoral au Centre de Recherche de l\u2019H\u00f4pital Sainte-Justine de l\u2019Universit\u00e9 de Montr\u00e9al.<\/h3>\n<h3>Interrog\u00e9e sur la question, elle nous dit : \u00ab\u00a0M\u00eame si la majeure partie de ma recherche est plut\u00f4t apparent\u00e9e \u00e0 la recherche fondamentale et que mon exp\u00e9rience clinique est tr\u00e8s limit\u00e9e, je consid\u00e8re que dans notre domaine la recherche, l\u2019enseignement et la pratique (clinique ou autre) forment un triangle et que ces trois \u00e9l\u00e9ments s\u2019enrichissent mutuellement.\u00a0\u00bb.<\/h3>\n<h3>Elle voit donc le r\u00f4le de l\u2019\u00e9cole Doctorale en Sciences de la Motricit\u00e9 comme un \u00e9l\u00e9ment important pour permettre cet enrichissement mutuel, dans lequel la recherche \u2013 du fondamental \u00e0 l\u2019appliqu\u00e9 en passant par le \u00ab proof of concept \u00bb peut former un continuum fascinant.<\/h3>\n<h3>Dans l&rsquo;attente de notre prochain \u00ab\u00a0Portrait\u00a0\u00bb et de notre prochain \u00e9change doctoral, l&rsquo;EDSM vous dit \u00e0 bient\u00f4t !<\/h3>\n\n<div class=\"wp-block-post-date\"><time datetime=\"2017-04-11T11:29:08+02:00\">11\/04\/2017<\/time><\/div>","protected":false},"excerpt":{"rendered":"<p>F\u00e9vrier 2026 et son Portrait du Mois \u00ab\u00a0Notre portrait\u00a0\u00bb du mois s&rsquo;est orient\u00e9 vers le nouveau Doyen de la Facult\u00e9 des Sciences de la Motricit\u00e9 de l&rsquo;ULB ou plut\u00f4t vers la nouvelle Doyenne de la FSM. La Prof V\u00e9ronique FEIPEL, notre nouvelle Doyenne, est Docteur en Kin\u00e9sith\u00e9rapie et r\u00e9adaptation.\u00a0Son parcours l\u2019a tr\u00e8s vite men\u00e9e vers &hellip; <\/p>\n<p><a class=\"more-link btn\" href=\"https:\/\/www.edsm.be\/?page_id=435\">Lire la suite<\/a><\/p>\n","protected":false},"author":1,"featured_media":0,"parent":0,"menu_order":0,"comment_status":"closed","ping_status":"closed","template":"","meta":{"footnotes":""},"class_list":["post-435","page","type-page","status-publish","hentry","nodate","item-wrap"],"_links":{"self":[{"href":"https:\/\/www.edsm.be\/index.php?rest_route=\/wp\/v2\/pages\/435","targetHints":{"allow":["GET"]}}],"collection":[{"href":"https:\/\/www.edsm.be\/index.php?rest_route=\/wp\/v2\/pages"}],"about":[{"href":"https:\/\/www.edsm.be\/index.php?rest_route=\/wp\/v2\/types\/page"}],"author":[{"embeddable":true,"href":"https:\/\/www.edsm.be\/index.php?rest_route=\/wp\/v2\/users\/1"}],"replies":[{"embeddable":true,"href":"https:\/\/www.edsm.be\/index.php?rest_route=%2Fwp%2Fv2%2Fcomments&post=435"}],"version-history":[{"count":12,"href":"https:\/\/www.edsm.be\/index.php?rest_route=\/wp\/v2\/pages\/435\/revisions"}],"predecessor-version":[{"id":1418,"href":"https:\/\/www.edsm.be\/index.php?rest_route=\/wp\/v2\/pages\/435\/revisions\/1418"}],"wp:attachment":[{"href":"https:\/\/www.edsm.be\/index.php?rest_route=%2Fwp%2Fv2%2Fmedia&parent=435"}],"curies":[{"name":"wp","href":"https:\/\/api.w.org\/{rel}","templated":true}]}}