{"id":9,"date":"2017-02-23T10:20:55","date_gmt":"2017-02-23T09:20:55","guid":{"rendered":"http:\/\/www.edsm.be\/?page_id=9"},"modified":"2026-03-04T08:41:51","modified_gmt":"2026-03-04T07:41:51","slug":"contact","status":"publish","type":"page","link":"https:\/\/www.edsm.be\/?page_id=9","title":{"rendered":"Th\u00e8ses d\u00e9fendues"},"content":{"rendered":"\n\n\n<div class=\"th\u00e8ses\">\n<div class=\"ucl\" style=\"padding-left: 30px;\">\n<h2 style=\"padding-left: 30px;\"><span style=\"color: #ff6600;\"><strong>UCL<\/strong><\/span><\/h2>\n<p style=\"padding-left: 60px;\"><span style=\"color: #003366;\"><a href=\"https:\/\/uclouvain.be\/fr\/secteurs\/sss\/formation-doctorale.html\">https:\/\/uclouvain.be\/fr\/secteurs\/sss\/formation-doctorale.html<\/a><\/span><\/p>\n<p style=\"padding-left: 60px;\"><span style=\"color: #003366;\">The use of robotics and serious games in neurorehabilitation:from general principles to clinical validation and practice<br><em><strong>Ioanis DOUMAS\/ D\u00e9cembre 2025<\/strong><\/em><br><strong>Promoteurs : Profs. Th. Lejeune, Y. Vandermeeren<\/strong><\/span><\/p>\n<p style=\"padding-left: 60px;\"><span style=\"color: #003366;\">Sex differencies in the responses to exercise training in extreme environments<br><em><strong>Anna PIPERI\/ Octobre 2025<\/strong><\/em><br><strong>Promotrice : Prof. L. Deldicque<\/strong><\/span><\/p>\n<p style=\"padding-left: 60px;\"><span style=\"color: #003366;\">Adapting Cardiopulmonary and pediatric functional assessments for physiotherapy in Vietnam<br><em><strong>Nguyen NGOC MINH \/ Octobre 2025<\/strong><\/em><br><strong>Promoteur : Profs. G. Reychler<\/strong><\/span><\/p>\n<p style=\"padding-left: 60px;\"><span style=\"color: #003366;\">Assessment and management of muscle overactivity in people with stroke : long term functional and biomechanical implications<br><em><strong>Clara SELVES \/ Septembre 2025<\/strong><\/em><br><strong>Promoteurs : Profs. G. Stoquart, Th. Lejeune<\/strong><\/span><\/p>\n<p style=\"padding-left: 60px;\"><span style=\"color: #003366;\">Telerehabilitation using immersive virtual reality for persistent non-specific neck pain<br><em><strong>Alexandre LUC \/ Septembre 2025<\/strong><\/em><br><strong>Promoteurs : Profs. L. Pitance, C. Detrembleur<\/strong><\/span><\/p>\n<p style=\"padding-left: 60px;\"><span style=\"color: #003366;\">Movement quality assessment using lightweight motion capture systems \/ Toward field-ready tools for ACL-related functional evaluation<br><em><strong>Nicolas LAMBRICHT \/ Ao\u00fbt 2025<\/strong><\/em><br><strong>Promoteurs : Profs. C. Detrembleur, L. Pitance, P. Fisette<\/strong><\/span><\/p>\n<p style=\"padding-left: 60px;\"><span style=\"color: #003366;\">Improving motors abilities in infants with unilateral cerebral palsy through intensive training<br><em><strong>Astrid CARTON DE TOURNAI \/ Novembre 2024<\/strong><\/em><br><strong>Promoteurs : Profs. Y. Bleyenheuft, Y. Vandermeeren<\/strong><\/span><\/p>\n<p style=\"padding-left: 60px;\"><span style=\"color: #003366;\">Delving into the role of adaptive sports in neurorehabilitation : focus on hospital and community-based settings<br><em><strong>Louise DECLERCK \/ Septembre 2024<\/strong><\/em><br><strong>Promoteurs : Profs. G. Stoquart, J-F. Kaux<\/strong><\/span><\/p>\n<p style=\"padding-left: 60px;\"><span style=\"color: #003366;\">Extracellular vesicle regulation by exercise in health and disease<br><em><strong>Geoffrey WARNIER \/ Juin 2024<\/strong><\/em><br><strong>Promoteur : Prof. M. Francaux<\/strong><\/span><\/p>\n<p style=\"padding-left: 60px;\"><span style=\"color: #003366;\">Quantifying Passive Stiffness in Human &#8211; From the Lab to the Track : Application to the runner&rsquo;s lower leg<br><em><strong>Ahn Phong NGUYEN \/ Avril 2024<\/strong><\/em><br><strong>Promoteurs : Profs. Ph. Mahaudens, Ch. Detrambleur<\/strong><\/span><\/p>\n<p style=\"padding-left: 60px;\"><span style=\"color: #003366;\">Non-pharmocological management of patients with chronic respiratory diseases<br><em><strong>Juliana RIBEIRO FONSECA FRANCO DE MACEDO \/ Avril 2024<\/strong><\/em><br><strong>Promoteurs : Prof. G. Reychler, Co-promoteur : Prof. W. Poncin<\/strong><\/span><\/p>\n<p style=\"padding-left: 60px;\"><span style=\"color: #003366;\">Risques et pr\u00e9vention de la lombalgie au Burkina Faso : cas des tisseuses<br><em><strong>Pegdwend\u00e9 Alexandre KABORE<\/strong><strong>E \/ Fevrier 2024<\/strong><\/em><br><strong>Promoteur : Prof. B. Schepens<\/strong><\/span><\/p>\n<p style=\"padding-left: 60px;\"><span style=\"color: #003366;\">Gaining insight into the complexity of pain in people with haemophilia from a biopsychosocial perspective.<\/span><br><span style=\"color: #003366;\"><strong><em>Anthe FOUBERT \/ Octobre 2023<\/em><\/strong><\/span><br><span style=\"color: #003366;\"><strong>Promoteurs : Profs. C.Hermans, N. Roussel, M. Meeus<\/strong><\/span><\/p>\n<p style=\"padding-left: 60px;\"><span style=\"color: #003366;\">Diving into the complexity of joint pain and activity limitations in people with haemophilia.<\/span><br><span style=\"color: #003366;\"><strong><em>Val\u00e9rie-Anne CHANTRAIN \/ Octobre 2023<\/em><\/strong><\/span><br><span style=\"color: #003366;\"><strong>Promoteurs : Profs. N. Roussel, M. Meeus, Ch. Lambert<\/strong><\/span><\/p>\n<p style=\"padding-left: 60px;\"><span style=\"color: #003366;\">The Role of Social Support for Physical activity in Physical Activity Among Students in Higher Education<\/span><br><span style=\"color: #003366;\"><strong><em>Pierre VAN LUCHENE \/ Mars 2023<\/em><\/strong><\/span><br><span style=\"color: #003366;\"><strong>Promoteur : Prof. C. Delens<\/strong><\/span><\/p>\n<p style=\"padding-left: 60px;\"><span style=\"color: #003366;\">Physical activity intervention for chronic stroke rehabilitation in low-income settings.<\/span><br><span style=\"color: #003366;\"><em><strong>Felix NINDORERA \/ F\u00e9vrier 2023<\/strong><\/em><\/span><br><span style=\"color: #003366;\"><strong>Promoteurs : Profs Y. Bleyenheuft, J.L. Thonnard<\/strong><\/span><\/p>\n<p style=\"padding-left: 60px;\"><span style=\"color: #003366;\">Unravelling central-pain mechanisms in patients with temporomandibular disorders.<\/span><br><span style=\"color: #003366;\"><em><strong>Thimoth\u00e9e CAYROL \/ Janvier 2023<\/strong><\/em><\/span><br><span style=\"color: #003366;\"><strong>Promoteurs : Profs L. Pitance, N. Roussel<\/strong><\/span><\/p>\n<p style=\"padding-left: 60px;\"><span style=\"color: #003366;\">Effectiveness of collective physical activity for the management of chronic low back pain in low-income settings (Burundi).<\/span><br><span style=\"color: #003366;\"><em><strong>Ildephonse NDUWIMANA \/ Janvier 2023<\/strong><\/em><\/span><br><span style=\"color: #003366;\"><strong>Promoteurs : Profs D. De Jaeger<\/strong><\/span><\/p>\n<p style=\"padding-left: 60px;\"><span style=\"color: #003366;\">Acute and training effects of abdominal exercises on abdominal wall and control of potential side effects on the pelvic floor in Beninese postpartum women.<\/span><br><span style=\"color: #003366;\"><em><strong>Djivoh Yollande SENAN \/ D\u00e9cembre 2022<\/strong><\/em><\/span><br><span style=\"color: #003366;\"><strong>Promoteurs : Profs D. De Jaeger<\/strong><\/span><\/p>\n<p style=\"padding-left: 60px;\"><span style=\"color: #003366;\">Virtual reality to improve assessment and rehabilitation in stroke rehabilitation.<\/span><br><span style=\"color: #003366;\"><em><strong>Gauthier EVERARD \/ Septembre 2022<\/strong><\/em><\/span><br><span style=\"color: #003366;\"><strong>Promoteurs : Profs Th. Lejeune, M. Edwards<\/strong><\/span><\/p>\n<p style=\"padding-left: 60px;\"><span style=\"color: #003366;\">Influence of lifelong endurance training on hallmarks of aging in skeletal muscle.<\/span><br><span style=\"color: #003366;\"><em><strong>Estelle BALAN \/ Mars 2022<\/strong><\/em><\/span><br><span style=\"color: #003366;\"><strong>Promoteurs : Profs L.Deldicque, A.Decottignies<\/strong><\/span><\/p>\n<p style=\"padding-left: 60px;\"><span style=\"color: #003366;\">Strategies to reduce exertional dyspnea and increase functional capacity in patients with COPD.<em><strong><br><em><strong>Guillaume PRIEUR \/ Janvier 2022<\/strong><\/em><br><\/strong><\/em><strong>Promoteurs : Prof. G. Reychler, B. Lamia (CHU Rouen)<\/strong><\/span><\/p>\n<p style=\"padding-left: 60px;\"><span style=\"color: #003366;\">Is the Hand-Arm Bimanual Intensive Therapy Including Lower Extremities (HABIT-ILE) feasible and effective in the socio-cultural context of West Africa (Benin)?<br><em><strong>Segnon Emmanuel&nbsp; SOGBOSSI \/ D\u00e9cembre 2021<\/strong><\/em><br><strong>Promoteurs : Profs Y. Bleyenheuft, T.G. Kpadonou (CNHU Cotonou)<\/strong><\/span><\/p>\n<p style=\"padding-left: 60px;\"><span style=\"color: #003366;\">Oropharyngeal Dysphagia in Patients with Neuromuscular Diseases. Validation of new tools and screening process.<br><em><strong>Nicolas AUDAG \/ Septembre 2021<\/strong><\/em><br><strong>Promoteurs : Prof. G. Reychler, M.Toussaint (Inkendaal Hosp.)<\/strong><\/span><\/p>\n<p style=\"padding-left: 60px;\"><span style=\"color: #003366;\">Non-Profit Sport Collaborations Involving Sport Clubs: Inside the Walloon Federated Sport System.<br><em><strong>Arthur LEFEBVRE \/ Ao\u00fbt 2021<\/strong><\/em><br><strong>Promoteurs : Prof. Th. Zintz, B. Rihoux (SSH)<\/strong><\/span><\/p>\n<p style=\"padding-left: 60px;\"><span style=\"color: #003366;\">Regulation of glucose metabolism by physical activity and hypoxia in people at risk of developing type 2 diabete.<br><em><strong>Estelle DEGROOTE \/ Juillet 2021<br><\/strong><\/em><strong>Promoteurs : L. Deldicque, (co-tutelle) E. Richter (Universit\u00e9 Copenhagen<\/strong><\/span><\/p>\n<p style=\"padding-left: 60px;\"><span style=\"color: #003366;\">Virtual -based&nbsp; intervention to improve&nbsp; functional abilities in children with cerebral palsy.<br><strong style=\"color: #003366;\"><em>Geoffrey&nbsp; SAUSSEZ \/ Avril 2021&nbsp;<\/em><br>Promoteurs : Profs <strong>Y. Bleyenheuft, Ph. Lefevre<br><\/strong><\/strong><\/span><\/p>\n<p style=\"padding-left: 60px;\"><span style=\"color: #003366;\">How to improve the care in hip osteoarthritis in low income countries as Benin ? Orthopaedic manual therapy as a new alternative<\/span><strong style=\"color: #003366;\"><span style=\"color: #003366;\">.<br><span style=\"color: #003366;\"><strong style=\"color: #003366;\"><em>Tod\u00e8gnon Franck ASSOGBA \/ F\u00e9vrier 2021&nbsp;<\/em><br>Promoteurs : Profs Ph. Mahaudens, Ch. Detrembleur<\/strong><\/span><\/span><\/strong><\/p>\n<p style=\"padding-left: 60px;\"><span style=\"color: #003366;\">Kinematic characterization of fast and accurate cervical rotations during point-to-point test in healthy and neck pain individuals.<br><\/span><strong style=\"color: #003366;\"><em>Renaud HAGE \/ D\u00e9cembre 2020<\/em><br>Promoteurs : Profs Ch. Detrembleur, L. Pitance<\/strong><\/p>\n<div class=\"th\u00e8ses\">\n<p style=\"padding-left: 60px;\"><span style=\"color: #003366;\">Physical capacities in children with cystic fibrosis. From muscle to functional assessment.<br><strong><em>Yann COMBRET \/ Octobre 2020<\/em><br><\/strong><\/span><span style=\"color: #003366;\"><strong>Promoteur : Prof. G. Reychler<\/strong><\/span><\/p>\n<p style=\"padding-left: 60px;\"><span style=\"color: #003366;\">Intersegmental coordination in children with cerebral palsy.<br><strong><em>Daniela EBNER KARESTINOS \/ Octobre 2020<\/em><br>Promoteurs : Profs J-L. Thonnard, Y. Bleyenheuft<\/strong><\/span><\/p>\n<p style=\"padding-left: 60px;\"><span style=\"color: #003366;\">Quantitative mobility assessment in patients with knee osteoarthritis : From lab to an ecological approach by means of wearable technology.<br><\/span><span style=\"color: #003366;\"><strong><em>Julien LEBLEU \/ Septembre 2020<\/em><br>Promoteurs : Profs Ch. Detrembleur, Ph. Mahaudens<\/strong><\/span><\/p>\n<p style=\"padding-left: 60px;\"><span style=\"color: #003366;\">Oxygen therapy in hypoxaemic failure to subjects who breathe spontaneously: How can we improve oxygen supplementation ?<br><strong><em>Fr\u00e9d\u00e9ric DUPREZ \/ Septembre 2020<\/em><br>Promoteurs : Prof. G. Reychler<\/strong><\/span><\/p>\n<p style=\"padding-left: 60px;\"><span style=\"color: #003366;\">La phase de transition d\u2019un pied \u00e0 l\u2019autre durant la marche&nbsp;chez la personne \u00e2g\u00e9e<\/span><br><span style=\"color: #003366;\">Un pas vers la compr\u00e9hension du risque de premi\u00e8re chute.<br><strong><em>Guillaume MEURISSE \/ D\u00e9cembre 2019<\/em><br>Promoteurs : Profs B. Schepens, G. Bastien<\/strong><\/span><\/p>\n<p style=\"padding-left: 60px;\"><span style=\"color: #003366;\">Multiple sclerosis-related fatigue and functional impairments. A rehabilitative approach. <strong><em>Maxime VALET \/ D\u00e9cembre 2019<\/em><br>Promoteurs : Profs Th. Lejeune, G. Stoquart<\/strong><\/span><\/p>\n<p style=\"padding-left: 60px;\"><span style=\"color: #003366;\">Hypoxia- and exercise-mediated effects on the muscle mass via endogenous local progenitors and the hippo signaling pathway.<br><strong><em>Olouyomi Karol GNIMASSOU \/ Octobre 2019<\/em><br>Promoteurs : Profs L. Deldicque, M. Francaux<\/strong><\/span><\/p>\n<p style=\"padding-left: 60px;\"><span style=\"color: #003366;\">Corporate Social Responsibility Implementation in Non-Profit Sport Organisations.<br><strong><em>G\u00e9raldine ZEIMERS \/ Juin 2019<\/em><br>Promoteurs : Profs Th. Zintz (co-tutelle) \/ WILLEM Annick (UGent)<\/strong><\/span><\/p>\n<p style=\"padding-left: 60px;\"><span style=\"color: #003366;\">Contr\u00f4le neuronal de la pr\u00e9hension fine.<br><strong><em>Erwan GUILLERY \/ Mai 2019<\/em><br>Promoteurs: Profs J.L. Thonnard, A. Mouraux<\/strong><\/span><\/p>\n<p style=\"padding-left: 60px;\"><span style=\"color: #003366;\">Effets d&rsquo;un entrainement en endurance sur les caract\u00e9ristiques musculaires des patients dr\u00e9panocytaires homozygotes.<br><strong><em>Ang\u00e8le MERLET \/ F\u00e9vrier 2019<\/em><br>Promoteurs: Profs M. Francaux, L. Messonnier &#8211; (co-tutelle) L. Feasson (Univ. J. Monnet, St Etienne)<\/strong><\/span><\/p>\n<p style=\"padding-left: 60px;\"><span style=\"color: #003366;\">The mechanism of running on a slope.<br><strong><em>Arthur DEWOLF \/ F\u00e9vrier 2019<\/em><br>Promoteurs: Profs P. Willems, D. De Jaeger<\/strong><\/span><\/p>\n<p style=\"padding-left: 60px;\"><span style=\"color: #003366;\">Modification des activit\u00e9s de la vie journali\u00e8re et de l\u2019autonomie d\u2019enfants IMC suite \u00e0 un processus de r\u00e9\u00e9ducation intensive-lien avec les changements plastiques observ\u00e9s au niveau cortical.<br><strong><em>Julie PARADIS \/ F\u00e9vrier 2019<\/em><br>Promoteur: Prof Y. Bleyenheuft<\/strong><\/span><\/p>\n<p style=\"padding-left: 60px;\"><span style=\"color: #003366;\">Contribution of mitophagy in exercise-induced mitochondrial remodelling.<br><strong><em>C\u00e9line SCHWALM \/ Octobre 2018.<\/em><br>Promoteur: Prof M. Francaux<\/strong><\/span><\/p>\n<p style=\"padding-left: 60px;\"><span style=\"color: #003366;\">D\u00e9veloppement d\u2019un jeu s\u00e9rieux \u00e0 impl\u00e9menter sur le robot de r\u00e9\u00e9ducation REAplan afin de r\u00e9\u00e9duquer le membre sup\u00e9rieur chez des patients c\u00e9r\u00e9bro-l\u00e9s\u00e9s.<br><strong><em>St\u00e9phanie DEHEM \/ Septembre 2018<\/em><br>Promoteurs: Profs Th. <span style=\"color: #003366;\">Lejeune,<\/span> M. Edwards<\/strong><\/span><\/p>\n<p style=\"padding-left: 60px;\"><span style=\"color: #003366;\">Acquisition des comp\u00e9tences professionnelles des \u00e9tudiants d\u2019\u00e9ducation physique en regard des conceptions et des pratiques didactiques des formateurs. Le cas de la Haute Ecole Paul-Henri Spaak (HEPHS).<br><\/span><strong><em><span style=\"color: #003366;\">Fr\u00e9d\u00e9ric LEROY&nbsp;<\/span><\/em><span style=\"color: #003366;\"><em>\/ Avril 2018<\/em><br>Promoteur : Prof L. Albarello<\/span><\/strong><\/p>\n<p style=\"padding-left: 60px;\"><span style=\"color: #003366;\">Restrictions de participation chez les adultes c\u00e9r\u00e9brol\u00e9s\u00e9s en Afrique Subsaharienne.<br><\/span><strong><em><span style=\"color: #003366;\">Oy\u00e9n\u00e9 KOSSI&nbsp;<\/span><\/em><span style=\"color: #003366;\"><em>\/ Novembre 2017<\/em><br>Promoteurs: Profs J.L. Thonnard, Th. A. Adoukonou (B\u00e9nin)<\/span><\/strong><\/p>\n<p style=\"padding-left: 60px;\"><span style=\"color: #003366;\">Marche du patient parkinsonien : relation entre les corr\u00e9latives \u00e0 long terme de la dur\u00e9e du cycle et les d\u00e9ficiences neurologiques, les capacit\u00e9s de marche et la pratique de l\u2019exercice physique.<br><\/span><span style=\"color: #003366;\"><strong><em>Thibaut WARLOP \/ Septembre 2017<\/em><br>Promoteurs : Profs Th. Lejeune, C. Detrembleur<\/strong><\/span><\/p>\n<p style=\"padding-left: 60px;\"><span style=\"color: #003366;\">NeuroR\u00e9adaptation \u00e0 Base communautaire au B\u00e9nin. Efficacit\u00e9 d\u2019un programme d\u2019auto-r\u00e9\u00e9ducation supervis\u00e9e du membre sup\u00e9rieur.<br><\/span><strong><span style=\"color: #003366;\"><em>Didier NIAMA NATTA \/ Ao\u00fbt 2017<\/em><br>Promoteurs : Profs Th. Lejeune, G. Stoquart<\/span><\/strong><\/p>\n<p style=\"padding-left: 60px;\"><span style=\"color: #003366;\">Does lung clearance index (LCI) predict the future lung disease course in patients with cystic fibrosis.<br><\/span><strong style=\"color: #003366;\"><em>William PONCIN \/ Juin 2017<\/em><br>Promoteurs : Prof P. Lebecque<\/strong><\/p>\n<div class=\"ucl\">\n<p style=\"padding-left: 60px;\"><span style=\"color: #003366;\">Impact of early mobilization in skeletal muscle wasting during critical illness.<br><strong><em>Cheryl HICKAMNN \/ Juin 2017<\/em><br>Promoteurs : Profs.Fr Laterre, M. Francaux<\/strong><\/span><\/p>\n<p style=\"padding-left: 60px;\"><span style=\"color: #003366;\">Role of the unfolded protein response in skeletal muscle adaptation to exercise training. <strong><em>Rodrigo FERNANDEZ VERDEJO \/ Juin 2017<\/em><br>Promoteurs: Profs M. Francaux, L. Deldicque<\/strong><\/span><\/p>\n<p style=\"padding-left: 60px;\"><span style=\"color: #003366;\">Aerosol delivery during invasive mechanical ventilation: in vitro analysis and in vivo radioisotopic investigation.<br><em><strong>Jonathan DUGERNIER<\/strong><\/em><strong><em> \/&nbsp; Mars 2017<\/em><br>Promoteurs : Profs Fr. Laterre,&nbsp;G. Reychler<\/strong><\/span><\/p>\n<p style=\"padding-left: 60px;\"><span style=\"color: #003366;\">Evolution de l&rsquo;activit\u00e9 physique et sportive dans la transition vers les \u00e9tudes sup\u00e9rieures. <strong><em>St\u00e9phanie PORIAU \/ Mai 2017<\/em><br><\/strong><strong>Promoteur : Prof. C. Delens<\/strong><\/span><\/p>\n<p style=\"padding-left: 60px;\"><span style=\"color: #003366;\">Articulations entre les repr\u00e9sentations professionnelles et les pratiques de gestion des groupes-classes des enseignants d\u2019\u00e9ducation physique.<br><strong><em>St\u00e9phanie SAMYN \/ Octobre 2016<\/em><br>Promoteur : Prof. Gh. Carlier<\/strong><\/span><\/p>\n<p style=\"padding-left: 60px;\"><span style=\"color: #003366;\">La \u00ab\u00a0sensibilit\u00e9 \u00e0\u00a0\u00bb des enseignants en \u00e9ducation physique : le prisme du r\u00e9investissement des acquis d&rsquo;une formation continue en situation de travail.<br><strong><em>Marie CLERX \/ Octobre 2016<\/em><br>Promoteur : Prof. Gh. Carlier<\/strong><\/span><\/p>\n<p style=\"padding-left: 60px;\"><span style=\"color: #003366;\">The paralympic movement from 1944 to 2016 : a processual analysis of institutional creation, maintenance and change.<br><strong><em>Simon GERARD \/ Septembre 2016<\/em><br><\/strong><\/span><span style=\"color: #003366;\"><strong>Promoteur :&nbsp;&nbsp;<\/strong><\/span><\/p>\n<p style=\"padding-left: 60px;\"><span style=\"color: #003366;\">Aerosol delivery during noninvasive ventilation : evaluation of inspiratory synchronized nebulization coupled with a single-limb circuit bilevel ventilator.<br><strong><em>Jean-Bernard MICHOTTE \/ Juin 2016<\/em><br>Promoteur : Prof. G. Reychler<\/strong><\/span><\/p>\n<p style=\"padding-left: 60px;\"><span style=\"color: #003366;\">The effect of gravity on the motor control of landing.<br><strong><em>Cl\u00e9ment GAMBELLI \/ Avril 2016<\/em><br>Promoteurs : Prof B. Schepens, P. Willems<\/strong><\/span><\/p>\n<\/div>\n<div class=\"ulb\">\n<h2 style=\"padding-left: 30px;\"><span style=\"color: #ff6600;\"><strong>ULB<\/strong><\/span><\/h2>\n<p style=\"padding-left: 60px;\"><a href=\"https:\/\/www.ulb.be\/fr\/doctorat\/le-doctorat\">https:\/\/www.ulb.be\/fr\/doctorat\/le-doctorat<\/a><\/p>\n<p style=\"padding-left: 60px;\"><span style=\"color: #003366;\">Ventilatory control in idiopathic hyperventilation syndrome. A physiological study of a poorly ackowledged condition<br><em><strong>Nathalie PAUWEN\/ Janvier 2026<br><\/strong><\/em><strong>Promoteurs : Profs. V. Ninane, V. Faoro<\/strong><\/span><\/p>\n<p style=\"padding-left: 60px;\"><span style=\"color: #003366;\">Contribution to the study of balance control in older adults.Lifespan changes and age-focused intervention strategies<br><em><strong>Anastasia THEODOSIADOU \/ Septembre 2025<br><\/strong><\/em><strong>Promoteur : Prof. S.Baudry<\/strong><\/span><\/p>\n<p style=\"padding-left: 60px;\"><span style=\"color: #003366;\">Exposition chronique \u00e0 la pollution par la biomasse de charbon de bois : effets sur la survenue des maladies cardiovasculaires et pulmonaires chroniques, la capacit\u00e9 a\u00e9robie et la r\u00e9ponse cardiopulmonaire \u00e0 l\u2019effort<br><em><strong>Pierre Gaylord LOFUTA OLENGA VUVU \/ Ao\u00fbt 2025<br><\/strong><\/em><strong>Promoteur : Prof. G. Deboeck<\/strong><\/span><\/p>\n<p style=\"padding-left: 60px;\"><span style=\"color: #003366;\">Contribution \u00e0 l\u2019am\u00e9lioration de la compr\u00e9hension de la potentialisation de post-activation et l\u2019optimisation de la m\u00e9thode par contraste de charges<br><em><strong>Hans BOURGEOIS \/ Ao\u00fbt 2025<br><\/strong><\/em><strong>Promoteur : Prof. S.Baudry<\/strong><\/span><\/p>\n<p style=\"padding-left: 60px;\"><span style=\"color: #003366;\">Assessment of walking performance with the 6-minute walk test and 2-minute walk test in healthy and ageing populations and in stroke survivors : a cross-cultural study in Belgium and Vietnam<br><em><strong>Thanh DUY NGUYEN \/ Juillet 2025<br><\/strong><\/em><strong>Promoteur : Prof. Ch. Sauvage<\/strong><\/span><\/p>\n<p style=\"padding-left: 60px;\"><span style=\"color: #003366;\">Safety and efficiency of a new method of resistance training to improve muscle bulk force and aerobic capacity in cardiac rehabilitation<br><em><strong>Alexis GILLET \/ F\u00e9vrier 2025<br><\/strong><\/em><strong>Promoteur : Prof. G. Deboeck et Co-promoteur : Prof. Ph. Van De Borne&nbsp;<\/strong><\/span><\/p>\n<p style=\"padding-left: 60px;\"><span style=\"color: #003366;\">Brain-periphery couplings and their contribution to motor control<br><em><strong>Scott MONGOLD \/ F\u00e9vrier 2025<br><\/strong><\/em><strong>Promoteur : Prof. M. Bourguignon&nbsp;<\/strong><\/span><\/p>\n<p style=\"padding-left: 60px;\"><span style=\"color: #003366;\">Development of a low-cost motion capture system for indentifying alterations in humain gait balance. Application to shoulder pathologies<br><em><strong>Fredy BERNAL CASTILLO \/ D\u00e9cembre 2024<br><\/strong><\/em><strong>Promotrice : Prof. V. Faoro&nbsp;<\/strong><\/span><\/p>\n<p style=\"padding-left: 60px;\"><span style=\"color: #003366;\">Contribution to the improvement of diabetes prevention and management with exercise &#8211; Exploring Whole-Body High intensity interval training for physical activity promotion and the impact of diabetes on exercise trainability<br><em><strong>Corentin SCOUBEAU \/ Septembre 2024<br><\/strong><\/em><strong>Promotrice : Prof. V. Faoro&nbsp;<\/strong><\/span><\/p>\n<p style=\"padding-left: 60px;\"><span style=\"color: #003366;\">Apport \u00e0 l&rsquo;\u00e9tude des interactions respiration-cognition-contr\u00f4le postural chez le sujet sain t le patient BPCO<\/span><br><em><strong><span style=\"color: #003366;\">Olivier VAN HOVE \/ Ao\u00fbt 2023<\/span><\/strong><\/em><br><strong><span style=\"color: #003366;\">Promoteur : Prof. G. Deboeck<\/span><\/strong><\/p>\n<p style=\"padding-left: 60px;\"><span style=\"color: #003366;\">Contribution \u00e0 l&rsquo;\u00e9tude des dynamiques oscillatoires (EEG) du contr\u00f4le attentionnel sensori-moteur : du d\u00e9ficit d&rsquo;attention avec\/sans hyperactivit\u00e9 (<em>ADHD<\/em>) \u00e0 la m\u00e9ditation de pleine conscience (<em>Mindfulness<\/em>)<\/span><br><em><strong><span style=\"color: #003366;\">David ZARKA \/ Novembre 2022<\/span><\/strong><\/em><br><strong><span style=\"color: #003366;\">Promoteurs : Prof. G. Cheron, Prof. A. Bengoetxea<\/span><\/strong><\/p>\n<p style=\"padding-left: 60px;\"><span style=\"color: #003366;\">Changes in proprioception with healing ageing. Implications for motor control.<\/span><br><strong><em><span style=\"color: #003366;\">M\u00e9lanie HENRY \/ Octobre 2022<\/span><\/em><\/strong><br><strong><span style=\"color: #003366;\">Promoteur : Prof. S. Baudry<\/span><\/strong><\/p>\n<p style=\"padding-left: 60px;\"><span style=\"color: #003366;\">Contribution \u00e0 la biom\u00e9canique du pied. <\/span><br><span style=\"color: #003366;\">Investigation morpho-fonctionnelle du pied du sujet sain lors de la phase d&rsquo;appui.<\/span><br><em><strong><span style=\"color: #003366;\">C\u00e9line MAHIEU \/ Ao\u00fbt 2022<\/span><\/strong><\/em><br><strong><span style=\"color: #003366;\">Promoteurs : Prof. S. Van Sint Jan, Prof. V. Feipel<\/span><\/strong><\/p>\n<p style=\"padding-left: 60px;\"><span style=\"color: #003366;\">Contribution \u00e0 l&rsquo;\u00e9tude des m\u00e9canismes neuromusculaires impliqu\u00e9s dans la limitation de la capacit\u00e9 \u00e0 r\u00e9it\u00e9rer un effort sous-maximal.<\/span><br><em><strong><span style=\"color: #003366;\">Achraf ABDELMOULA \/ Juillet 2022<\/span><\/strong><\/em><br><strong><span style=\"color: #003366;\">Promoteur : Prof. S. Baudry<\/span><\/strong><\/p>\n<p style=\"padding-left: 60px;\"><span style=\"color: #003366;\">Contribution to the study of the limitation of aerobic exercise capacity in obese patients: impact of bariatric surgery and contribution of the pulmonary hemodynamic.<br><strong><em>Na ZHOU \/ Octobre 2021<\/em><br>Promoteur : Prof. V. Faoro<\/strong><\/span><\/p>\n<p style=\"padding-left: 60px;\"><span style=\"color: #003366;\">Effects of a combined essential amino acid-carbohydrate supplementation following heavy-load resistance exercise and training<br><strong><em>St\u00e9phanie VIEILLEVOYE\/ Juillet 2021<\/em><br>Promoteur : Prof. A. Carpentier<\/strong><\/span><\/p>\n<p style=\"padding-left: 60px;\"><span style=\"color: #003366;\">Contribution \u00e0 l\u2019\u00e9tude de la r\u00e9serve vasculaire pulmonaire : standardisation, influence de l\u2019\u00e2ge et de la f\u00e9condation in vitro.<br><strong><em>Kevin FORTON \/ Juin 2020<\/em><br>Promoteur : Prof. V. Faoro <\/strong><\/span><\/p>\n<p style=\"padding-left: 60px;\"><span style=\"color: #003366;\">Contribution \u00e0 l&rsquo;\u00e9tude de l&rsquo;optimisation de m\u00e9thodes renforcement musculaire avec ou sans prise de compl\u00e9ments alimentaires.<br><strong><em>S\u00e9verine STRAGIER \/ Janvier 2020<\/em><br>Promoteur : Prof. A. Carpentier.<\/strong><\/span><\/p>\n<p style=\"padding-left: 60px;\"><span style=\"color: #003366;\">Contribution \u00e0 l\u2019\u00e9tude de l\u2019interaction cognitivo-motrice au cours du vieillissement sain et chez des patients pr\u00e9sentant un trouble cognitif l\u00e9ger.<br><strong><em>Florence GAILLARDIN \/ Janvier 2019<\/em><br>Promoteurs : Prof. S. Baudry\/ Prof. S. Debreucker<\/strong><\/span><\/p>\n<p style=\"padding-left: 60px;\"><span style=\"color: #003366;\">Age-related neuro-mechanical changes during stair locomotion (Influence des changements neurom\u00e9caniques li\u00e9s \u00e0 l\u2019\u00e2ge lors de la mont\u00e9e et descente d\u2019un escalier).<br><strong><em>Johanna JOHANNSSON \/ Octobre 2018<\/em><br>Promoteur : Prof. J. Duchateau<\/strong><\/span><\/p>\n<p style=\"padding-left: 60px;\"><span style=\"color: #003366;\">Evaluation et am\u00e9lioration des capacit\u00e9s motrices d\u2019enfants infirmes moteurs c\u00e9r\u00e9braux congolais \u00e2g\u00e9s de 6 \u00e0 15 ans.<br><strong><em>F\u00e9licien M&rsquo;LEMBAKANI T&rsquo;HENGUA \/ Janvier 2018<\/em><br>Promoteur : Prof. G. Cheron<\/strong><\/span><\/p>\n<p style=\"padding-left: 60px;\"><span style=\"color: #003366;\">Contribution \u00e0 l\u2019\u00e9tude des modifications h\u00e9modynamiques de la veine axillaire apr\u00e8s curage axillaire.<br><strong><em>Jean-Paul BELGRADO \/ Avril 2017<\/em><br>Promoteur : Prof. V. Feipel<\/strong><\/span><\/p>\n<p style=\"padding-left: 60px;\"><span style=\"color: #003366;\">Etude par r\u00e9sonance magn\u00e9tique fonctionnelle de l\u2019influence de facteurs intrins\u00e8ques au mouvement sur les activations cortico-sous-corticales lors de l\u2019imagerie mentale.<br><strong><em>Chlo\u00e9 SAUVAGE Novembre 2016<\/em><br>Promoteur : Prof. G. Cheron<\/strong><\/span><\/p>\n<p style=\"padding-left: 60px;\"><span style=\"color: #003366;\">The resonance of biological motion through visual perception in the human brain.<br><\/span><strong style=\"color: #003366;\"><em>Carlos CEVALLOS BARRAGAN \/ Septembre 2016<\/em><br>Promoteur : Prof. G. Cheron<\/strong><\/p>\n<div class=\"ulb\" style=\"padding-left: 60px;\">\n<p><span style=\"color: #003366;\">Elaboration of a clinical test for the assessment of hip abductor endurance in females with patellofemoral pain.<br><strong><em>Joachim VAN CANT \/ Septembre 2016<\/em><br>Promoteur : Prof. V. Feipel<\/strong><\/span><\/p>\n<p><span style=\"color: #003366;\">Effet du port de la ceinture pelvienne sur les douleurs pelviennes et les param\u00e8tres de la marche chez la femme enceinte.<br><strong><em>Jeanne BERTUIT \/ D\u00e9cembre 2015<\/em><br>Promoteur : Prof. V. Feipel<\/strong><\/span><\/p>\n<\/div>\n<div class=\"ulg\">\n<h2 style=\"padding-left: 30px;\"><span style=\"color: #ff6600;\"><strong>ULg<\/strong><\/span><\/h2>\n<p style=\"padding-left: 60px;\"><a href=\"https:\/\/www.recherche.uliege.be\/cms\/c_11496930\/fr\/recherche-faire-un-doctorat\">https:\/\/www.recherche.uliege.be\/cms\/c_11496930\/fr\/recherche-faire-un-doctorat<\/a><\/p> \n<p style=\"padding-left: 60px;\"><span style=\"color: #003366;\">Contribution \u00e9lectrophysiologique \u00e0 l&rsquo;\u00e9tude des propri\u00e9t\u00e9s d&rsquo;excitabilit\u00e9 des axones moteurs chez l&rsquo;homme : une nouvelle approche clinique<br><em><strong>Ma\u00eblle TYBERGHEIN\/ 2025<br><\/strong><\/em><strong>Promoteurs : Profs. J-Fr. Kaux, Fr. Wang<\/strong><\/span><\/p> \n<p style=\"padding-left: 60px;\"><span style=\"color: #003366;\">Running Technique Alteration: insights into injury prevention and performance<br><em><strong>Guillaume ABRAN\/ Novembre 2025<br><\/strong><\/em><strong>Promoteurs : Profs. C. Schwartz, J-L. Croisier<\/strong><\/span><\/p>\n<p style=\"padding-left: 60px;\"><span style=\"color: #003366;\">D\u00e9veloppement et impl\u00e9mentation d\u2019une application mobile au sein du cours d\u2019\u00e9ducation physique de l\u2019enseignement secondaire sup\u00e9rieur visant la promotion d\u2019un style de vie actif<br><em><strong>Maurine REMACLE\/ Sept 2025<br><\/strong><\/em><strong>Promoteur : Prof. A. Mouton<\/strong><\/span><\/p> \n<p style=\"padding-left: 60px;\"><span style=\"color: #003366;\">Evaluation de la force des muscles de la cheville dans un contexte d&rsquo;entorse lat\u00e9rale.<br><em><strong>Aude AGUILANIU\/ Avril 2023<br><\/strong><\/em><strong>Promoteur : Prof. C. Schwartz, co-promoteur : Prof. JL. Croisier<\/strong><\/span><\/p>\n<p style=\"padding-left: 60px;\"><span style=\"color: #003366;\">Contribution aux strat\u00e9gies pr\u00e9ventives de l\u00e9sions musculaires et ligamentaires des membres inf\u00e9rieurs chez le sportif <\/span><br><span style=\"color: #003366;\"><em><strong>Fran\u00e7ois DELVAUX \/ F\u00e9vrier 2021<\/strong><\/em><\/span><\/p>\n<p style=\"padding-left: 60px;\"><span style=\"color: #003366;\">Could transcranial direct current stimulation contribute to rehabilitation after acute stroke?<\/span><br><span style=\"color: #003366;\"><em><strong>Stephen BORNHEIM \/ Janvier 2021<\/strong><\/em><\/span><\/p>\n<p style=\"padding-left: 60px;\"><span style=\"color: #003366;\">Non-Invasive brain stimulation in post comatose states.<\/span><br><span style=\"color: #003366;\"><strong><em>G\u00e9raldine MARTENS \/ Mars 2020<\/em><\/strong><\/span><\/p>\n<p style=\"padding-left: 60px;\"><span style=\"color: #003366;\">Contribution \u00e0 l&rsquo;\u00e9valuation de la fonction musculaire rachidienne chez le sportif<br><em><strong>St\u00e9phanie GROSDENT \/ Janvier 2019<\/strong><\/em><br><strong>Promoteurs : Profs. M. Vanderthommen et M. Tomasella&nbsp;<\/strong><\/span><\/p>\n<p style=\"padding-left: 60px;\"><span style=\"color: #003366;\">Etude fonctionnelle et de qualit\u00e9 de vie des patientes trait\u00e9es pour un cancer du sein : int\u00e9r\u00eat de la prise en charge r\u00e9\u00e9ducative multidisciplinaire.<br><strong><em>Anne-France LECLERC \/ Ao\u00fbt 2018<\/em><br>Promoteurs : Profs. D. Maquet, J.M.CRIELAARD<\/strong><\/span><\/p>\n<p style=\"padding-left: 60px;\"><span style=\"color: #003366;\">Contribution \u00e0 l&rsquo;\u00e9valuation biom\u00e9canique du service au tennis. Une analyse de la \u00ab\u00a0trophy position.<br><em><strong>Fran\u00e7ois TUBEZ \/ Juin 2018<\/strong><\/em><\/span><br><strong><span style=\"color: #003366;\">Promoteurs : Prof. B. Forthomme, Dr C .Schwartz<\/span><\/strong><\/p>\n<p style=\"padding-left: 60px;\"><span style=\"color: #003366;\">R\u00e9-entrainement \u00e0 l\u2019effort et relations entre aptitude physique et pr\u00e9servation neuronale dans la maladie de Parkinson.<br><em><strong>Marie DEMONCEAU \/ Mai 2018<\/strong><\/em><\/span><br><strong><span style=\"color: #003366;\">Promoteurs : Profs. G. Garraux et D. Maquet<\/span><\/strong><\/p>\n<p style=\"padding-left: 60px;\"><span style=\"color: #003366;\">Influence d\u2019une prise en charge posturale sur la position assise, les capacit\u00e9s cognitives, le comportement et le bien-\u00eatre de l\u2019enfant en classe.<br><strong><em>Tatiana FETTWEIS \/ D\u00e9cembre 2017<\/em><br><\/strong><strong>Promoteurs : Profs. M. Vanderthommen, C. Catale<\/strong><\/span><\/p>\n<p style=\"padding-left: 60px;\"><span style=\"color: #003366;\">Potentiels \u00e9voqu\u00e9s multimodaux et scl\u00e9rose en plaques: quantification fonctionnelle et outil pronostique.<br><em><strong>Xavier Giffroy \/ Septembre 2016<br>Promoteur :&nbsp;<\/strong><\/em><\/span><\/p>\n<p><span style=\"color: #003366;\">&nbsp;<\/span><\/p>\n<p style=\"padding-left: 30px;\">\n<\/p><\/div>\n<\/div>\n<\/div>\n<\/div>\n<\/div>\n","protected":false},"excerpt":{"rendered":"<p>UCL https:\/\/uclouvain.be\/fr\/secteurs\/sss\/formation-doctorale.html The use of robotics and serious games in neurorehabilitation:from general principles to clinical validation and practiceIoanis DOUMAS\/ D\u00e9cembre 2025Promoteurs : Profs. Th. Lejeune, Y. Vandermeeren Sex differencies in the responses to exercise training in extreme environmentsAnna PIPERI\/ Octobre 2025Promotrice : Prof. L. Deldicque Adapting Cardiopulmonary and pediatric functional assessments for physiotherapy in VietnamNguyen &hellip; <\/p>\n<p><a class=\"more-link btn\" href=\"https:\/\/www.edsm.be\/?page_id=9\">Lire la suite<\/a><\/p>\n","protected":false},"author":1,"featured_media":0,"parent":0,"menu_order":0,"comment_status":"closed","ping_status":"closed","template":"","meta":{"footnotes":""},"class_list":["post-9","page","type-page","status-publish","hentry","nodate","item-wrap"],"_links":{"self":[{"href":"https:\/\/www.edsm.be\/index.php?rest_route=\/wp\/v2\/pages\/9","targetHints":{"allow":["GET"]}}],"collection":[{"href":"https:\/\/www.edsm.be\/index.php?rest_route=\/wp\/v2\/pages"}],"about":[{"href":"https:\/\/www.edsm.be\/index.php?rest_route=\/wp\/v2\/types\/page"}],"author":[{"embeddable":true,"href":"https:\/\/www.edsm.be\/index.php?rest_route=\/wp\/v2\/users\/1"}],"replies":[{"embeddable":true,"href":"https:\/\/www.edsm.be\/index.php?rest_route=%2Fwp%2Fv2%2Fcomments&post=9"}],"version-history":[{"count":105,"href":"https:\/\/www.edsm.be\/index.php?rest_route=\/wp\/v2\/pages\/9\/revisions"}],"predecessor-version":[{"id":1421,"href":"https:\/\/www.edsm.be\/index.php?rest_route=\/wp\/v2\/pages\/9\/revisions\/1421"}],"wp:attachment":[{"href":"https:\/\/www.edsm.be\/index.php?rest_route=%2Fwp%2Fv2%2Fmedia&parent=9"}],"curies":[{"name":"wp","href":"https:\/\/api.w.org\/{rel}","templated":true}]}}